{"id":27,"date":"2013-10-08T12:40:43","date_gmt":"2013-10-08T12:40:43","guid":{"rendered":"https:\/\/kleparz.misjonarze.pl\/index.php\/kosciol-2\/"},"modified":"2023-05-22T23:00:43","modified_gmt":"2023-05-22T21:00:43","slug":"kosciol-2","status":"publish","type":"page","link":"https:\/\/kleparz.misjonarze.pl\/index.php\/kosciol-2\/","title":{"rendered":"Ko\u015bci\u00f3\u0142"},"content":{"rendered":"\t\t<div data-elementor-type=\"wp-page\" data-elementor-id=\"27\" class=\"elementor elementor-27\">\n\t\t\t\t\t\t<section class=\"elementor-section elementor-top-section elementor-element elementor-element-1fafe03 elementor-section-boxed elementor-section-height-default elementor-section-height-default\" data-id=\"1fafe03\" data-element_type=\"section\" data-e-type=\"section\">\n\t\t\t\t\t\t<div class=\"elementor-container elementor-column-gap-default\">\n\t\t\t\t\t<div class=\"elementor-column elementor-col-100 elementor-top-column elementor-element elementor-element-2d453b70\" data-id=\"2d453b70\" data-element_type=\"column\" data-e-type=\"column\">\n\t\t\t<div class=\"elementor-widget-wrap elementor-element-populated\">\n\t\t\t\t\t\t<div class=\"elementor-element elementor-element-dc8d1c7 elementor-widget elementor-widget-heading\" data-id=\"dc8d1c7\" data-element_type=\"widget\" data-e-type=\"widget\" data-widget_type=\"heading.default\">\n\t\t\t\t<div class=\"elementor-widget-container\">\n\t\t\t\t\t<h4 class=\"elementor-heading-title elementor-size-default\">Ko\u015bci\u00f3\u0142<\/h4>\t\t\t\t<\/div>\n\t\t\t\t<\/div>\n\t\t\t\t<div class=\"elementor-element elementor-element-2bbfd63a elementor-widget elementor-widget-text-editor\" data-id=\"2bbfd63a\" data-element_type=\"widget\" data-e-type=\"widget\" data-widget_type=\"text-editor.default\">\n\t\t\t\t<div class=\"elementor-widget-container\">\n\t\t\t\t\t\t\t\t\t<p style=\"text-align: justify;\">Na miejscu obecnego ko\u015bcio\u0142a sta\u0142 niegdy\u015b Ko\u015bci\u00f3\u0142 \u015bw. Filipa i \u015bw. Jakuba wzmiankowany w dokumentach w 1373 r. Zniszczy\u0142 go po\u017car w 1528 r, po odbudowie ponownego zniszczenia dokonali Szwedzi w 1655 r. Odbudowan\u0105 ze zniszcze\u0144 wojennych \u015bwi\u0105tyni\u0119 konsekrowa\u0142 w 1667 r. biskup Miko\u0142aj Oborski. Ten ko\u015bci\u00f3\u0142 zniszczy\u0142 kolejny po\u017car jaki wybuch\u0142 w 1755 r, po raz kolejny zosta\u0142 odbudowany, przetrwa\u0142 do ko\u0144ca XVIII wieku, w 1801 r. na polecenie w\u0142adz austriackich zosta\u0142 zburzony. Plac po ko\u015bciele przez kilka lat by\u0142 u\u017cywany jako tymczasowy cmentarz komunalny. W 1861 r. na teren Kleparza sprowadzili si\u0119 Ksi\u0119\u017ca Misjonarze. Dwa lata p\u00f3\u017aniej stali si\u0119 w\u0142a\u015bcicielami parceli przy ulicy \u015bw. Filipa.<\/p><p style=\"text-align: justify;\">Obecny ko\u015bci\u00f3\u0142 zbudowano wed\u0142ug projekt\u00f3w Filipa Pokuty\u0144skiego w latach 1875-1877 nawi\u0105zuj\u0105c do wzor\u00f3w w\u0142oskiego trecenta. O\u0142tarz g\u0142\u00f3wny zosta\u0142 sprowadzony z Wiednia. Uroczystej konsekracji ko\u015bcio\u0142a dokona\u0142 2 wrze\u015bnia 1877 r. arcybiskup Lodovico Jacobini nuncjusz apostolski w Wiedniu.<\/p><p style=\"text-align: justify;\">W latach 1911-1912 ko\u015bci\u00f3\u0142 zosta\u0142 rozbudowany wed\u0142ug projektu Jana Sas Zubrzyckiego, przed\u0142u\u017cono w\u00f3wczas prezbiterium, wybudowano now\u0105 zakrysti\u0119 \u0142\u0105cz\u0105c j\u0105 z klasztorem oraz kaplic\u0119 Matki Bo\u017cej z Lourdes. Ponowna konsekracja odby\u0142a si\u0119 1 listopada 1912 r, dokona\u0142 jej Kacper S\u0142omi\u0144ski wizytator Zgromadzenia Ksi\u0119\u017cy Misjonarzy. Ko\u015bci\u00f3\u0142 raz jeszcze w 1936 r. po zmianie wystroju, konsekrowa\u0142 biskup Stanis\u0142aw Rospond.<\/p><p style=\"text-align: justify;\">W latach 1956-1957 wykonano now\u0105 polichromi\u0119 i nowy wystr\u00f3j wn\u0119trza. W miejsce starych, drewnianych o\u0142tarzy, postawiono nowe &#8211; wykonane z kamienia i marmuru. W roku 1980 ko\u015bci\u00f3\u0142 zosta\u0142 przemalowany, wed\u0142ug starych jeszcze przedwojennych projekt\u00f3w. Ostatnie malowanie ko\u015bcio\u0142a by\u0142o w 2000 rok.<\/p>\t\t\t\t\t\t\t\t<\/div>\n\t\t\t\t<\/div>\n\t\t\t\t<div class=\"elementor-element elementor-element-1962add elementor-widget elementor-widget-image\" data-id=\"1962add\" data-element_type=\"widget\" data-e-type=\"widget\" data-widget_type=\"image.default\">\n\t\t\t\t<div class=\"elementor-widget-container\">\n\t\t\t\t\t\t\t\t\t\t\t\t\t\t\t<img fetchpriority=\"high\" decoding=\"async\" width=\"1024\" height=\"768\" src=\"https:\/\/kleparz.misjonarze.pl\/wp-content\/uploads\/2019\/10\/IMG_20191006_174155-1024x768.jpg\" class=\"attachment-large size-large wp-image-1390\" alt=\"\" srcset=\"https:\/\/kleparz.misjonarze.pl\/wp-content\/uploads\/2019\/10\/IMG_20191006_174155-1024x768.jpg 1024w, https:\/\/kleparz.misjonarze.pl\/wp-content\/uploads\/2019\/10\/IMG_20191006_174155-300x225.jpg 300w, https:\/\/kleparz.misjonarze.pl\/wp-content\/uploads\/2019\/10\/IMG_20191006_174155-768x576.jpg 768w, https:\/\/kleparz.misjonarze.pl\/wp-content\/uploads\/2019\/10\/IMG_20191006_174155-1536x1152.jpg 1536w, https:\/\/kleparz.misjonarze.pl\/wp-content\/uploads\/2019\/10\/IMG_20191006_174155-2048x1536.jpg 2048w\" sizes=\"(max-width: 1024px) 100vw, 1024px\" \/>\t\t\t\t\t\t\t\t\t\t\t\t\t\t\t<\/div>\n\t\t\t\t<\/div>\n\t\t\t\t\t<\/div>\n\t\t<\/div>\n\t\t\t\t\t<\/div>\n\t\t<\/section>\n\t\t\t\t<\/div>\n\t\t","protected":false},"excerpt":{"rendered":"<p>Ko\u015bci\u00f3\u0142 Na miejscu obecnego ko\u015bcio\u0142a sta\u0142 niegdy\u015b Ko\u015bci\u00f3\u0142 \u015bw. Filipa i \u015bw. Jakuba wzmiankowany w dokumentach w 1373 r. Zniszczy\u0142<\/p>\n","protected":false},"author":1,"featured_media":0,"parent":0,"menu_order":0,"comment_status":"closed","ping_status":"closed","template":"elementor_header_footer","meta":{"colormag_page_container_layout":"default_layout","colormag_page_sidebar_layout":"default_layout","footnotes":""},"class_list":["post-27","page","type-page","status-publish","hentry"],"_links":{"self":[{"href":"https:\/\/kleparz.misjonarze.pl\/index.php\/wp-json\/wp\/v2\/pages\/27","targetHints":{"allow":["GET"]}}],"collection":[{"href":"https:\/\/kleparz.misjonarze.pl\/index.php\/wp-json\/wp\/v2\/pages"}],"about":[{"href":"https:\/\/kleparz.misjonarze.pl\/index.php\/wp-json\/wp\/v2\/types\/page"}],"author":[{"embeddable":true,"href":"https:\/\/kleparz.misjonarze.pl\/index.php\/wp-json\/wp\/v2\/users\/1"}],"replies":[{"embeddable":true,"href":"https:\/\/kleparz.misjonarze.pl\/index.php\/wp-json\/wp\/v2\/comments?post=27"}],"version-history":[{"count":3,"href":"https:\/\/kleparz.misjonarze.pl\/index.php\/wp-json\/wp\/v2\/pages\/27\/revisions"}],"predecessor-version":[{"id":3386,"href":"https:\/\/kleparz.misjonarze.pl\/index.php\/wp-json\/wp\/v2\/pages\/27\/revisions\/3386"}],"wp:attachment":[{"href":"https:\/\/kleparz.misjonarze.pl\/index.php\/wp-json\/wp\/v2\/media?parent=27"}],"curies":[{"name":"wp","href":"https:\/\/api.w.org\/{rel}","templated":true}]}}